{"id":36,"date":"2022-12-20T10:37:56","date_gmt":"2022-12-20T09:37:56","guid":{"rendered":"https:\/\/www.eurodata.co.at\/?page_id=36"},"modified":"2026-04-13T16:43:42","modified_gmt":"2026-04-13T14:43:42","slug":"news","status":"publish","type":"page","link":"https:\/\/www.eurodata.co.at\/de\/news\/","title":{"rendered":"News"},"content":{"rendered":"<section class=\"l-section wpb_row height_medium\"><div class=\"l-section-h i-cf\"><div class=\"g-cols vc_row via_flex valign_top type_default stacking_default\"><div class=\"vc_col-sm-12 wpb_column vc_column_container\"><div class=\"vc_column-inner\"><div class=\"wpb_wrapper\"><div class=\"g-cols wpb_row via_flex valign_top type_default stacking_default\"><div class=\"vc_col-sm-3 wpb_column vc_column_container\"><div class=\"vc_column-inner\"><div class=\"wpb_wrapper\">[vc_custom_heading text=&#8220;News&#8220; font_container=&#8220;tag:h4|text_align:left&#8220; use_theme_fonts=&#8220;yes&#8220;]<div class=\"wpb_text_column\"><div class=\"wpb_wrapper\"><p>Bleiben Sie rund um die <strong>eurodata<\/strong>-Gruppe auf dem Laufenden. Weitere Neuigkeiten zum Unternehmen und Aktuelles zu unseren Softwarel\u00f6sungen und Produkten finden Sie auf der <a title=\"eurodata News: https:\/\/www.eurodata.de\/news\" href=\"https:\/\/www.eurodata.de\/news\" target=\"_blank\" rel=\"noopener\"><strong>eurodata<\/strong> News Seite<\/a>.<\/p>\n<\/div><\/div><\/div><\/div><\/div><div class=\"vc_col-sm-9 wpb_column vc_column_container\"><div class=\"vc_column-inner us_custom_cca78b02\"><div class=\"wpb_wrapper\"><div class=\"w-grid us_grid hide_on_default hide_on_laptops hide_on_tablets type_grid layout_3522 cols_1 pagination_infinite overflow_hidden preload_style_spinner\" id=\"us_grid_1\" style=\"--columns:1;--gap:2.5rem;\" data-filterable=\"true\"><style>.layout_3522 .w-grid-item-h{background:var(--color-content-bg);color:var(--color-content-text);border-radius:0rem}.layout_3522 .usg_post_title_1{color:var(--color-content-link)!important;font-weight:800!important;font-size:21px!important}.layout_3522 .usg_hwrapper_2{padding-bottom:1rem!important;border-color:var(--color-header-top-bg)!important;border-style:solid!important;border-width:0 0 1px 0!important}.layout_3522 .usg_post_date_1{font-size:0.7rem!important}<\/style><div class=\"w-grid-list\">\t<article class=\"w-grid-item size_1x1 post-7931 news type-news status-publish has-post-thumbnail hentry news-kategorien-news-unternehmen\" data-id=\"7931\">\r\n\t\t<div class=\"w-grid-item-h\">\r\n\t\t\t\t\t\t\t<a href=\"https:\/\/www.eurodata.co.at\/de\/news\/cee-clean-energy-mobility-summit-2026-2\/\" class=\"w-grid-item-anchor\" aria-label=\"CEE Clean Energy &#038; Mobility Summit 2026\"><\/a>\r\n\t\t\t\t\t\t<div class=\"w-hwrapper usg_hwrapper_2 align_none valign_top\" style=\"--hwrapper-gap:1.20rem\"><div class=\"w-vwrapper usg_vwrapper_1 align_none valign_top\"><div class=\"w-post-elm post_title usg_post_title_1 has_text_color entry-title color_link_inherit\">CEE Clean Energy &#038; Mobility Summit 2026<\/div><time class=\"w-post-elm post_date usg_post_date_1 entry-date published\" datetime=\"2026-04-28T12:36:12+02:00\">28. April 2026<\/time><div class=\"w-post-elm post_content usg_post_content_1\">Der CEE Clean Energy &amp; Mobility Summit 2026 war der Treffpunkt f\u00fcr alle, die die Entwicklung der Branche aktiv vorantreiben. Gemeinsam mit unseren Partnern&hellip;<\/div><\/div><\/div>\t\t<\/div>\r\n\t\t\t<\/article>\r\n\t<article class=\"w-grid-item size_1x1 post-7780 news type-news status-publish has-post-thumbnail hentry news-kategorien-news-unternehmen\" data-id=\"7780\">\r\n\t\t<div class=\"w-grid-item-h\">\r\n\t\t\t\t\t\t\t<a href=\"https:\/\/www.eurodata.co.at\/de\/news\/frohe-weihnachten-einen-guten-start-ins-neue-jahr-wuenscht-eurodata\/\" class=\"w-grid-item-anchor\" aria-label=\"Frohe Weihnachten &#038; einen guten Start ins neue Jahr w\u00fcnscht eurodata\"><\/a>\r\n\t\t\t\t\t\t<div class=\"w-hwrapper usg_hwrapper_2 align_none valign_top\" style=\"--hwrapper-gap:1.20rem\"><div class=\"w-vwrapper usg_vwrapper_1 align_none valign_top\"><div class=\"w-post-elm post_title usg_post_title_1 has_text_color entry-title color_link_inherit\">Frohe Weihnachten &#038; einen guten Start ins neue Jahr w\u00fcnscht eurodata<\/div><time class=\"w-post-elm post_date usg_post_date_1 entry-date published\" datetime=\"2025-12-19T08:43:13+01:00\">19. Dezember 2025<\/time><div class=\"w-post-elm post_content usg_post_content_1\">Zum Jahresende m\u00f6chten wir die Gelegenheit nutzen\u00a0und uns\u00a0f\u00fcr die vertrauensvolle und konstruktive Zusammenarbeit\u00a0bedanken\u00a0\u2013 bei unseren Kunden, Partnern und\u00a0allen, die sich f\u00fcr unsere gemeinsamen Ziele&hellip;<\/div><\/div><\/div>\t\t<\/div>\r\n\t\t\t<\/article>\r\n\t<article class=\"w-grid-item size_1x1 post-7767 news type-news status-publish has-post-thumbnail hentry news-kategorien-news-unternehmen\" data-id=\"7767\">\r\n\t\t<div class=\"w-grid-item-h\">\r\n\t\t\t\t\t\t\t<a href=\"https:\/\/www.eurodata.co.at\/de\/news\/eurodata-oesterreich-unterstuetzt-caritas-winterhilfe-sieben-winterpakete-fuer-die-gruft\/\" class=\"w-grid-item-anchor\" aria-label=\"eurodata \u00d6sterreich unterst\u00fctzt Caritas-Winterhilfe: Sieben Winterpakete f\u00fcr die Gruft\"><\/a>\r\n\t\t\t\t\t\t<div class=\"w-hwrapper usg_hwrapper_2 align_none valign_top\" style=\"--hwrapper-gap:1.20rem\"><div class=\"w-vwrapper usg_vwrapper_1 align_none valign_top\"><div class=\"w-post-elm post_title usg_post_title_1 has_text_color entry-title color_link_inherit\">eurodata \u00d6sterreich unterst\u00fctzt Caritas-Winterhilfe: Sieben Winterpakete f\u00fcr die Gruft<\/div><time class=\"w-post-elm post_date usg_post_date_1 entry-date published\" datetime=\"2025-12-16T08:50:34+01:00\">16. Dezember 2025<\/time><div class=\"w-post-elm post_content usg_post_content_1\">Mit Beginn der kalten Jahreszeit steigt der Bedarf an Unterst\u00fctzung f\u00fcr Menschen ohne festen Wohnsitz. eurodata hat daher sieben Winterpakete f\u00fcr die Gruft, eine&hellip;<\/div><\/div><\/div>\t\t<\/div>\r\n\t\t\t<\/article>\r\n\t<article class=\"w-grid-item size_1x1 post-7734 news type-news status-publish has-post-thumbnail hentry news-kategorien-news-unternehmen\" data-id=\"7734\">\r\n\t\t<div class=\"w-grid-item-h\">\r\n\t\t\t\t\t\t\t<a href=\"https:\/\/www.eurodata.co.at\/de\/news\/firmenjubilaeum-60-jahre-eurodata-innovation-und-tradition\/\" class=\"w-grid-item-anchor\" aria-label=\"Firmenjubil\u00e4um: 60 Jahre eurodata \u2013 Innovation und Tradition\"><\/a>\r\n\t\t\t\t\t\t<div class=\"w-hwrapper usg_hwrapper_2 align_none valign_top\" style=\"--hwrapper-gap:1.20rem\"><div class=\"w-vwrapper usg_vwrapper_1 align_none valign_top\"><div class=\"w-post-elm post_title usg_post_title_1 has_text_color entry-title color_link_inherit\">Firmenjubil\u00e4um: 60 Jahre eurodata \u2013 Innovation und Tradition<\/div><time class=\"w-post-elm post_date usg_post_date_1 entry-date published\" datetime=\"2025-11-19T12:21:41+01:00\">19. November 2025<\/time><div class=\"w-post-elm post_content usg_post_content_1\">Seit sechs Jahrzehnten steht der Name eurodata f\u00fcr erfolgreiche L\u00f6sungen und Konzepte bei der\u00a0elektronischen Datenerfassung und -verarbeitung. Das Geheimnis des Erfolgs ist die konsequente&hellip;<\/div><\/div><\/div>\t\t<\/div>\r\n\t\t\t<\/article>\r\n\t<article class=\"w-grid-item size_1x1 post-7665 news type-news status-publish has-post-thumbnail hentry news-kategorien-news-events\" data-id=\"7665\">\r\n\t\t<div class=\"w-grid-item-h\">\r\n\t\t\t\t\t\t\t<a href=\"https:\/\/www.eurodata.co.at\/de\/news\/eurodata-auf-dem-petrol-summit-2025-ki-veraendert-die-buchhaltung-von-tankstellen\/\" class=\"w-grid-item-anchor\" aria-label=\"eurodata auf dem Petrol Summit 2025: KI ver\u00e4ndert die Buchhaltung von Tankstellen\"><\/a>\r\n\t\t\t\t\t\t<div class=\"w-hwrapper usg_hwrapper_2 align_none valign_top\" style=\"--hwrapper-gap:1.20rem\"><div class=\"w-vwrapper usg_vwrapper_1 align_none valign_top\"><div class=\"w-post-elm post_title usg_post_title_1 has_text_color entry-title color_link_inherit\">eurodata auf dem Petrol Summit 2025: KI ver\u00e4ndert die Buchhaltung von Tankstellen<\/div><time class=\"w-post-elm post_date usg_post_date_1 entry-date published\" datetime=\"2025-11-17T14:30:09+01:00\">17. November 2025<\/time><div class=\"w-post-elm post_content usg_post_content_1\">Unser Unternehmen hat in diesem Jahr aktiv an der renommierten Konferenz Petrol Summit teilgenommen, die traditionell Expertinnen und Experten aus den Bereichen Tankstellenbetrieb, Technologie,&hellip;<\/div><\/div><\/div>\t\t<\/div>\r\n\t\t\t<\/article>\r\n\t<article class=\"w-grid-item size_1x1 post-7603 news type-news status-publish has-post-thumbnail hentry news-kategorien-news-events\" data-id=\"7603\">\r\n\t\t<div class=\"w-grid-item-h\">\r\n\t\t\t\t\t\t\t<a href=\"https:\/\/www.eurodata.co.at\/de\/news\/eurodata-oesterreich-und-kodap-auf-dem-tschechischen-tankstellenkongress-in-prag\/\" class=\"w-grid-item-anchor\" aria-label=\"eurodata \u00d6sterreich und KODAP auf dem tschechischen Tankstellenkongress in Prag\"><\/a>\r\n\t\t\t\t\t\t<div class=\"w-hwrapper usg_hwrapper_2 align_none valign_top\" style=\"--hwrapper-gap:1.20rem\"><div class=\"w-vwrapper usg_vwrapper_1 align_none valign_top\"><div class=\"w-post-elm post_title usg_post_title_1 has_text_color entry-title color_link_inherit\">eurodata \u00d6sterreich und KODAP auf dem tschechischen Tankstellenkongress in Prag<\/div><time class=\"w-post-elm post_date usg_post_date_1 entry-date published\" datetime=\"2025-10-01T10:56:58+02:00\">1. Oktober 2025<\/time><div class=\"w-post-elm post_content usg_post_content_1\">Gemeinsam mit dem Partnerunternehmen\u00a0KODAP\u00a0war\u00a0eurodata \u00d6sterreich\u00a0auch in diesem Jahr Aussteller des renommierten\u00a0Tankstellenkongresses in Prag. Die Fachveranstaltung z\u00e4hlt zu den wichtigsten Branchenevents in der\u00a0Tschechischen Republik\u00a0und zog&hellip;<\/div><\/div><\/div>\t\t<\/div>\r\n\t\t\t<\/article>\r\n\t<article class=\"w-grid-item size_1x1 post-7456 news type-news status-publish has-post-thumbnail hentry news-kategorien-news-events\" data-id=\"7456\">\r\n\t\t<div class=\"w-grid-item-h\">\r\n\t\t\t\t\t\t\t<a href=\"https:\/\/www.eurodata.co.at\/de\/news\/tankstelle-mittelstand-25-loesungen-fuer-die-digitalisierung-des-tankstellenmanagements\/\" class=\"w-grid-item-anchor\" aria-label=\"Tankstelle &#038; Mittelstand \u00b425: L\u00f6sungen f\u00fcr die Digitalisierung des Tankstellenmanagements\"><\/a>\r\n\t\t\t\t\t\t<div class=\"w-hwrapper usg_hwrapper_2 align_none valign_top\" style=\"--hwrapper-gap:1.20rem\"><div class=\"w-vwrapper usg_vwrapper_1 align_none valign_top\"><div class=\"w-post-elm post_title usg_post_title_1 has_text_color entry-title color_link_inherit\">Tankstelle &#038; Mittelstand \u00b425: L\u00f6sungen f\u00fcr die Digitalisierung des Tankstellenmanagements<\/div><time class=\"w-post-elm post_date usg_post_date_1 entry-date published\" datetime=\"2025-05-19T09:03:22+02:00\">19. Mai 2025<\/time><div class=\"w-post-elm post_content usg_post_content_1\">Auf der diesj\u00e4hrigen Tankstelle &amp; Mittelstand, die vom 21.-22. Mai 2025 in Essen stattfindet, wird auch die eurodata-Gruppe wieder vertreten sein. Im Fokus des&hellip;<\/div><\/div><\/div>\t\t<\/div>\r\n\t\t\t<\/article>\r\n\t<article class=\"w-grid-item size_1x1 post-7422 news type-news status-publish has-post-thumbnail hentry news-kategorien-news-unternehmen\" data-id=\"7422\">\r\n\t\t<div class=\"w-grid-item-h\">\r\n\t\t\t\t\t\t\t<a href=\"https:\/\/www.eurodata.co.at\/de\/news\/die-cloud-loesung-edtime-bildet-regelungen-aus-dem-einzelhandel-kollektivvertrag-ab\/\" class=\"w-grid-item-anchor\" aria-label=\"Cloud-L\u00f6sung edtime bildet Regelungen aus dem \u201eEinzelhandel&#8220; Kollektivvertrag\"><\/a>\r\n\t\t\t\t\t\t<div class=\"w-hwrapper usg_hwrapper_2 align_none valign_top\" style=\"--hwrapper-gap:1.20rem\"><div class=\"w-vwrapper usg_vwrapper_1 align_none valign_top\"><div class=\"w-post-elm post_title usg_post_title_1 has_text_color entry-title color_link_inherit\">Cloud-L\u00f6sung edtime bildet Regelungen aus dem \u201eEinzelhandel&#8220; Kollektivvertrag<\/div><time class=\"w-post-elm post_date usg_post_date_1 entry-date published\" datetime=\"2025-03-07T13:10:27+01:00\">7. M\u00e4rz 2025<\/time><div class=\"w-post-elm post_content usg_post_content_1\">In\u00a0\u00d6sterreich\u00a0nehmen\u00a0Kollektivvertr\u00e4ge\u00a0in arbeitsrechtlicher Hinsicht eine wichtige Rolle ein. Das gilt auch f\u00fcr den Kollektivvertrag im Einzelhandel. Diese Vertr\u00e4ge werden zwischen den kollektivvertragsf\u00e4higen Vertretungen der Arbeitgeber-&hellip;<\/div><\/div><\/div>\t\t<\/div>\r\n\t\t\t<\/article>\r\n\t<article class=\"w-grid-item size_1x1 post-7147 news type-news status-publish has-post-thumbnail hentry news-kategorien-news-unternehmen\" data-id=\"7147\">\r\n\t\t<div class=\"w-grid-item-h\">\r\n\t\t\t\t\t\t\t<a href=\"https:\/\/www.eurodata.co.at\/de\/news\/frohe-weihnachten-einen-gelungenen-start-ins-neue-jahr-wuenscht-eurodata\/\" class=\"w-grid-item-anchor\" aria-label=\"Frohe Weihnachten &#038; einen gelungenen Start ins neue Jahr w\u00fcnscht eurodata\"><\/a>\r\n\t\t\t\t\t\t<div class=\"w-hwrapper usg_hwrapper_2 align_none valign_top\" style=\"--hwrapper-gap:1.20rem\"><div class=\"w-vwrapper usg_vwrapper_1 align_none valign_top\"><div class=\"w-post-elm post_title usg_post_title_1 has_text_color entry-title color_link_inherit\">Frohe Weihnachten &#038; einen gelungenen Start ins neue Jahr w\u00fcnscht eurodata<\/div><time class=\"w-post-elm post_date usg_post_date_1 entry-date published\" datetime=\"2024-12-19T12:08:06+01:00\">19. Dezember 2024<\/time><div class=\"w-post-elm post_content usg_post_content_1\">Ein Blick zur\u00fcck zeigt uns, dass wir gemeinsam mit unseren Mitarbeitern, Kunden, Anwendern und Gesch\u00e4ftspartnern im zur\u00fcckliegenden Jahr wieder einmal viel geschafft haben: Wir&hellip;<\/div><\/div><\/div>\t\t<\/div>\r\n\t\t\t<\/article>\r\n\t<article class=\"w-grid-item size_1x1 post-7012 news type-news status-publish has-post-thumbnail hentry news-kategorien-news-unternehmen\" data-id=\"7012\">\r\n\t\t<div class=\"w-grid-item-h\">\r\n\t\t\t\t\t\t\t<a href=\"https:\/\/www.eurodata.co.at\/de\/news\/eurodata-ist-partner-der-tschechischen-kongresse-cerpacka-und-petrolsummit\/\" class=\"w-grid-item-anchor\" aria-label=\"eurodata ist Partner der tschechischen Kongresse \u010cerpa\u010dka und PETROLsummit\"><\/a>\r\n\t\t\t\t\t\t<div class=\"w-hwrapper usg_hwrapper_2 align_none valign_top\" style=\"--hwrapper-gap:1.20rem\"><div class=\"w-vwrapper usg_vwrapper_1 align_none valign_top\"><div class=\"w-post-elm post_title usg_post_title_1 has_text_color entry-title color_link_inherit\">eurodata ist Partner der tschechischen Kongresse \u010cerpa\u010dka und PETROLsummit<\/div><time class=\"w-post-elm post_date usg_post_date_1 entry-date published\" datetime=\"2024-11-06T11:26:08+01:00\">6. November 2024<\/time><div class=\"w-post-elm post_content usg_post_content_1\">Mitarbeiter von eurodata, dem f\u00fchrenden Anbieter von Controlling- und Reporting-L\u00f6sungen der Tankstellenbranche in Mitteleuropa, waren zusammen mit ihren Gesch\u00e4ftspartnern aus der KODAP-Gruppe wieder auf&hellip;<\/div><\/div><\/div>\t\t<\/div>\r\n\t\t\t<\/article>\r\n<\/div>\t<div class=\"w-grid-preloader\">\r\n\t\t<div class=\"g-preloader type_1\">\r\n\t\t\t<div><\/div>\r\n\t\t<\/div>\r\n\t<\/div>\r\n\t\t\t\t<div class=\"g-loadmore \">\r\n\t\t\t\t<div class=\"g-preloader type_1\">\r\n\t\t\t\t\t<div><\/div>\r\n\t\t\t\t<\/div>\r\n\t\t\t\t<button class=\"w-btn us-btn-style_1\">\r\n\t\t\t\t\t<span class=\"w-btn-label\">Mehr laden<\/span>\r\n\t\t\t\t<\/button>\r\n\t\t\t<\/div>\r\n\t\t\t\t<div class=\"w-grid-json hidden\" onclick='return {&quot;action&quot;:&quot;us_ajax_grid&quot;,&quot;infinite_scroll&quot;:true,&quot;max_num_pages&quot;:4,&quot;pagination&quot;:&quot;ajax&quot;,&quot;template_vars&quot;:{&quot;columns&quot;:&quot;1&quot;,&quot;exclude_items&quot;:&quot;none&quot;,&quot;img_size&quot;:&quot;default&quot;,&quot;ignore_items_size&quot;:0,&quot;items_layout&quot;:&quot;3522&quot;,&quot;items_offset&quot;:&quot;1&quot;,&quot;load_animation&quot;:&quot;none&quot;,&quot;overriding_link&quot;:&quot;%7B%22type%22%3A%22post%22%7D&quot;,&quot;post_id&quot;:0,&quot;query_args&quot;:{&quot;post_type&quot;:[&quot;news&quot;],&quot;post_status&quot;:[&quot;publish&quot;],&quot;posts_per_page&quot;:&quot;10&quot;},&quot;orderby_query_args&quot;:{&quot;orderby&quot;:{&quot;date&quot;:&quot;DESC&quot;}},&quot;type&quot;:&quot;grid&quot;,&quot;us_grid_post_type&quot;:&quot;news&quot;,&quot;us_grid_ajax_index&quot;:1,&quot;us_grid_filter_query_string&quot;:null,&quot;us_grid_index&quot;:1,&quot;page_args&quot;:[]}}'><\/div>\r\n\t<\/div><div class=\"w-grid us_grid hide_on_mobiles type_grid layout_81 cols_1 pagination_infinite overflow_hidden preload_style_spinner\" id=\"us_grid_2\" style=\"--columns:1;--gap:2.5rem;\" data-filterable=\"true\"><style>.layout_81 .w-grid-item-h{background:var(--color-content-bg);color:var(--color-content-text);border-radius:0rem}.layout_81 .usg_post_title_1{color:var(--color-content-link)!important;font-weight:800!important;font-size:21px!important}.layout_81 .usg_post_image_1{width:200px!important;max-width:200px!important}.layout_81 .usg_hwrapper_2{padding-bottom:1rem!important;border-color:var(--color-header-top-bg)!important;border-style:solid!important;border-width:0 0 1px 0!important}.layout_81 .usg_post_date_1{font-size:0.7rem!important}<\/style><div class=\"w-grid-list\">\t<article class=\"w-grid-item size_1x1 post-7931 news type-news status-publish has-post-thumbnail hentry news-kategorien-news-unternehmen\" data-id=\"7931\">\r\n\t\t<div class=\"w-grid-item-h\">\r\n\t\t\t\t\t\t\t<a href=\"https:\/\/www.eurodata.co.at\/de\/news\/cee-clean-energy-mobility-summit-2026-2\/\" class=\"w-grid-item-anchor\" aria-label=\"CEE Clean Energy &#038; Mobility Summit 2026\"><\/a>\r\n\t\t\t\t\t\t<div class=\"w-hwrapper usg_hwrapper_2\" style=\"--hwrapper-gap:1.20rem\"><div class=\"w-post-elm post_image usg_post_image_1 has_width has_ratio\"><img decoding=\"async\" width=\"410\" height=\"230\" src=\"https:\/\/www.eurodata.co.at\/wp-content\/uploads\/sites\/6\/2026\/04\/news-Gemini_Generated_Image_eyf2lneyf2lneyf2.jpg\" class=\"attachment-full size-full wp-post-image\" alt=\"\" \/><div style=\"padding-bottom:76.1905%\"><\/div><\/div><div class=\"w-vwrapper usg_vwrapper_1\"><div class=\"w-post-elm post_title usg_post_title_1 has_text_color entry-title color_link_inherit\">CEE Clean Energy &#038; Mobility Summit 2026<\/div><time class=\"w-post-elm post_date usg_post_date_1 entry-date published\" datetime=\"2026-04-28T12:36:12+02:00\">28. April 2026<\/time><div class=\"w-post-elm post_content usg_post_content_1\">Der CEE Clean Energy &amp; Mobility Summit 2026 war der Treffpunkt f\u00fcr alle, die die Entwicklung der Branche aktiv vorantreiben. Gemeinsam mit unseren Partnern&hellip;<\/div><\/div><\/div>\t\t<\/div>\r\n\t\t\t<\/article>\r\n\t<article class=\"w-grid-item size_1x1 post-7780 news type-news status-publish has-post-thumbnail hentry news-kategorien-news-unternehmen\" data-id=\"7780\">\r\n\t\t<div class=\"w-grid-item-h\">\r\n\t\t\t\t\t\t\t<a href=\"https:\/\/www.eurodata.co.at\/de\/news\/frohe-weihnachten-einen-guten-start-ins-neue-jahr-wuenscht-eurodata\/\" class=\"w-grid-item-anchor\" aria-label=\"Frohe Weihnachten &#038; einen guten Start ins neue Jahr w\u00fcnscht eurodata\"><\/a>\r\n\t\t\t\t\t\t<div class=\"w-hwrapper usg_hwrapper_2\" style=\"--hwrapper-gap:1.20rem\"><div class=\"w-post-elm post_image usg_post_image_1 has_width has_ratio\"><img decoding=\"async\" width=\"410\" height=\"230\" src=\"https:\/\/www.eurodata.co.at\/wp-content\/uploads\/sites\/6\/2025\/12\/news-eurodata-60-Jahre-klein.gif\" class=\"attachment-full size-full wp-post-image\" alt=\"\" \/><div style=\"padding-bottom:76.1905%\"><\/div><\/div><div class=\"w-vwrapper usg_vwrapper_1\"><div class=\"w-post-elm post_title usg_post_title_1 has_text_color entry-title color_link_inherit\">Frohe Weihnachten &#038; einen guten Start ins neue Jahr w\u00fcnscht eurodata<\/div><time class=\"w-post-elm post_date usg_post_date_1 entry-date published\" datetime=\"2025-12-19T08:43:13+01:00\">19. Dezember 2025<\/time><div class=\"w-post-elm post_content usg_post_content_1\">Zum Jahresende m\u00f6chten wir die Gelegenheit nutzen\u00a0und uns\u00a0f\u00fcr die vertrauensvolle und konstruktive Zusammenarbeit\u00a0bedanken\u00a0\u2013 bei unseren Kunden, Partnern und\u00a0allen, die sich f\u00fcr unsere gemeinsamen Ziele&hellip;<\/div><\/div><\/div>\t\t<\/div>\r\n\t\t\t<\/article>\r\n\t<article class=\"w-grid-item size_1x1 post-7767 news type-news status-publish has-post-thumbnail hentry news-kategorien-news-unternehmen\" data-id=\"7767\">\r\n\t\t<div class=\"w-grid-item-h\">\r\n\t\t\t\t\t\t\t<a href=\"https:\/\/www.eurodata.co.at\/de\/news\/eurodata-oesterreich-unterstuetzt-caritas-winterhilfe-sieben-winterpakete-fuer-die-gruft\/\" class=\"w-grid-item-anchor\" aria-label=\"eurodata \u00d6sterreich unterst\u00fctzt Caritas-Winterhilfe: Sieben Winterpakete f\u00fcr die Gruft\"><\/a>\r\n\t\t\t\t\t\t<div class=\"w-hwrapper usg_hwrapper_2\" style=\"--hwrapper-gap:1.20rem\"><div class=\"w-post-elm post_image usg_post_image_1 has_width has_ratio\"><img decoding=\"async\" width=\"410\" height=\"230\" src=\"https:\/\/www.eurodata.co.at\/wp-content\/uploads\/sites\/6\/2025\/12\/news-Gruft_Winterhilfe-2025.jpg\" class=\"attachment-full size-full wp-post-image\" alt=\"\" \/><div style=\"padding-bottom:76.1905%\"><\/div><\/div><div class=\"w-vwrapper usg_vwrapper_1\"><div class=\"w-post-elm post_title usg_post_title_1 has_text_color entry-title color_link_inherit\">eurodata \u00d6sterreich unterst\u00fctzt Caritas-Winterhilfe: Sieben Winterpakete f\u00fcr die Gruft<\/div><time class=\"w-post-elm post_date usg_post_date_1 entry-date published\" datetime=\"2025-12-16T08:50:34+01:00\">16. Dezember 2025<\/time><div class=\"w-post-elm post_content usg_post_content_1\">Mit Beginn der kalten Jahreszeit steigt der Bedarf an Unterst\u00fctzung f\u00fcr Menschen ohne festen Wohnsitz. eurodata hat daher sieben Winterpakete f\u00fcr die Gruft, eine&hellip;<\/div><\/div><\/div>\t\t<\/div>\r\n\t\t\t<\/article>\r\n\t<article class=\"w-grid-item size_1x1 post-7734 news type-news status-publish has-post-thumbnail hentry news-kategorien-news-unternehmen\" data-id=\"7734\">\r\n\t\t<div class=\"w-grid-item-h\">\r\n\t\t\t\t\t\t\t<a href=\"https:\/\/www.eurodata.co.at\/de\/news\/firmenjubilaeum-60-jahre-eurodata-innovation-und-tradition\/\" class=\"w-grid-item-anchor\" aria-label=\"Firmenjubil\u00e4um: 60 Jahre eurodata \u2013 Innovation und Tradition\"><\/a>\r\n\t\t\t\t\t\t<div class=\"w-hwrapper usg_hwrapper_2\" style=\"--hwrapper-gap:1.20rem\"><div class=\"w-post-elm post_image usg_post_image_1 has_width has_ratio\"><img decoding=\"async\" width=\"410\" height=\"230\" src=\"https:\/\/www.eurodata.co.at\/wp-content\/uploads\/sites\/6\/2025\/11\/news-60-Jahre-eurodata.jpg\" class=\"attachment-full size-full wp-post-image\" alt=\"\" \/><div style=\"padding-bottom:76.1905%\"><\/div><\/div><div class=\"w-vwrapper usg_vwrapper_1\"><div class=\"w-post-elm post_title usg_post_title_1 has_text_color entry-title color_link_inherit\">Firmenjubil\u00e4um: 60 Jahre eurodata \u2013 Innovation und Tradition<\/div><time class=\"w-post-elm post_date usg_post_date_1 entry-date published\" datetime=\"2025-11-19T12:21:41+01:00\">19. November 2025<\/time><div class=\"w-post-elm post_content usg_post_content_1\">Seit sechs Jahrzehnten steht der Name eurodata f\u00fcr erfolgreiche L\u00f6sungen und Konzepte bei der\u00a0elektronischen Datenerfassung und -verarbeitung. Das Geheimnis des Erfolgs ist die konsequente&hellip;<\/div><\/div><\/div>\t\t<\/div>\r\n\t\t\t<\/article>\r\n\t<article class=\"w-grid-item size_1x1 post-7665 news type-news status-publish has-post-thumbnail hentry news-kategorien-news-events\" data-id=\"7665\">\r\n\t\t<div class=\"w-grid-item-h\">\r\n\t\t\t\t\t\t\t<a href=\"https:\/\/www.eurodata.co.at\/de\/news\/eurodata-auf-dem-petrol-summit-2025-ki-veraendert-die-buchhaltung-von-tankstellen\/\" class=\"w-grid-item-anchor\" aria-label=\"eurodata auf dem Petrol Summit 2025: KI ver\u00e4ndert die Buchhaltung von Tankstellen\"><\/a>\r\n\t\t\t\t\t\t<div class=\"w-hwrapper usg_hwrapper_2\" style=\"--hwrapper-gap:1.20rem\"><div class=\"w-post-elm post_image usg_post_image_1 has_width has_ratio\"><img decoding=\"async\" width=\"410\" height=\"230\" src=\"https:\/\/www.eurodata.co.at\/wp-content\/uploads\/sites\/6\/2025\/11\/news-Petrol-Summit.jpg\" class=\"attachment-full size-full wp-post-image\" alt=\"\" \/><div style=\"padding-bottom:76.1905%\"><\/div><\/div><div class=\"w-vwrapper usg_vwrapper_1\"><div class=\"w-post-elm post_title usg_post_title_1 has_text_color entry-title color_link_inherit\">eurodata auf dem Petrol Summit 2025: KI ver\u00e4ndert die Buchhaltung von Tankstellen<\/div><time class=\"w-post-elm post_date usg_post_date_1 entry-date published\" datetime=\"2025-11-17T14:30:09+01:00\">17. November 2025<\/time><div class=\"w-post-elm post_content usg_post_content_1\">Unser Unternehmen hat in diesem Jahr aktiv an der renommierten Konferenz Petrol Summit teilgenommen, die traditionell Expertinnen und Experten aus den Bereichen Tankstellenbetrieb, Technologie,&hellip;<\/div><\/div><\/div>\t\t<\/div>\r\n\t\t\t<\/article>\r\n\t<article class=\"w-grid-item size_1x1 post-7603 news type-news status-publish has-post-thumbnail hentry news-kategorien-news-events\" data-id=\"7603\">\r\n\t\t<div class=\"w-grid-item-h\">\r\n\t\t\t\t\t\t\t<a href=\"https:\/\/www.eurodata.co.at\/de\/news\/eurodata-oesterreich-und-kodap-auf-dem-tschechischen-tankstellenkongress-in-prag\/\" class=\"w-grid-item-anchor\" aria-label=\"eurodata \u00d6sterreich und KODAP auf dem tschechischen Tankstellenkongress in Prag\"><\/a>\r\n\t\t\t\t\t\t<div class=\"w-hwrapper usg_hwrapper_2\" style=\"--hwrapper-gap:1.20rem\"><div class=\"w-post-elm post_image usg_post_image_1 has_width has_ratio\"><img decoding=\"async\" width=\"410\" height=\"230\" src=\"https:\/\/www.eurodata.co.at\/wp-content\/uploads\/sites\/6\/2025\/10\/Prag.png\" class=\"attachment-full size-full wp-post-image\" alt=\"\" \/><div style=\"padding-bottom:76.1905%\"><\/div><\/div><div class=\"w-vwrapper usg_vwrapper_1\"><div class=\"w-post-elm post_title usg_post_title_1 has_text_color entry-title color_link_inherit\">eurodata \u00d6sterreich und KODAP auf dem tschechischen Tankstellenkongress in Prag<\/div><time class=\"w-post-elm post_date usg_post_date_1 entry-date published\" datetime=\"2025-10-01T10:56:58+02:00\">1. Oktober 2025<\/time><div class=\"w-post-elm post_content usg_post_content_1\">Gemeinsam mit dem Partnerunternehmen\u00a0KODAP\u00a0war\u00a0eurodata \u00d6sterreich\u00a0auch in diesem Jahr Aussteller des renommierten\u00a0Tankstellenkongresses in Prag. Die Fachveranstaltung z\u00e4hlt zu den wichtigsten Branchenevents in der\u00a0Tschechischen Republik\u00a0und zog&hellip;<\/div><\/div><\/div>\t\t<\/div>\r\n\t\t\t<\/article>\r\n\t<article class=\"w-grid-item size_1x1 post-7456 news type-news status-publish has-post-thumbnail hentry news-kategorien-news-events\" data-id=\"7456\">\r\n\t\t<div class=\"w-grid-item-h\">\r\n\t\t\t\t\t\t\t<a href=\"https:\/\/www.eurodata.co.at\/de\/news\/tankstelle-mittelstand-25-loesungen-fuer-die-digitalisierung-des-tankstellenmanagements\/\" class=\"w-grid-item-anchor\" aria-label=\"Tankstelle &#038; Mittelstand \u00b425: L\u00f6sungen f\u00fcr die Digitalisierung des Tankstellenmanagements\"><\/a>\r\n\t\t\t\t\t\t<div class=\"w-hwrapper usg_hwrapper_2\" style=\"--hwrapper-gap:1.20rem\"><div class=\"w-post-elm post_image usg_post_image_1 has_width has_ratio\"><img decoding=\"async\" width=\"410\" height=\"230\" src=\"https:\/\/www.eurodata.co.at\/wp-content\/uploads\/sites\/6\/2025\/05\/news-TSM-Essen.jpg\" class=\"attachment-full size-full wp-post-image\" alt=\"\" \/><div style=\"padding-bottom:76.1905%\"><\/div><\/div><div class=\"w-vwrapper usg_vwrapper_1\"><div class=\"w-post-elm post_title usg_post_title_1 has_text_color entry-title color_link_inherit\">Tankstelle &#038; Mittelstand \u00b425: L\u00f6sungen f\u00fcr die Digitalisierung des Tankstellenmanagements<\/div><time class=\"w-post-elm post_date usg_post_date_1 entry-date published\" datetime=\"2025-05-19T09:03:22+02:00\">19. Mai 2025<\/time><div class=\"w-post-elm post_content usg_post_content_1\">Auf der diesj\u00e4hrigen Tankstelle &amp; Mittelstand, die vom 21.-22. Mai 2025 in Essen stattfindet, wird auch die eurodata-Gruppe wieder vertreten sein. Im Fokus des&hellip;<\/div><\/div><\/div>\t\t<\/div>\r\n\t\t\t<\/article>\r\n\t<article class=\"w-grid-item size_1x1 post-7422 news type-news status-publish has-post-thumbnail hentry news-kategorien-news-unternehmen\" data-id=\"7422\">\r\n\t\t<div class=\"w-grid-item-h\">\r\n\t\t\t\t\t\t\t<a href=\"https:\/\/www.eurodata.co.at\/de\/news\/die-cloud-loesung-edtime-bildet-regelungen-aus-dem-einzelhandel-kollektivvertrag-ab\/\" class=\"w-grid-item-anchor\" aria-label=\"Cloud-L\u00f6sung edtime bildet Regelungen aus dem \u201eEinzelhandel&#8220; Kollektivvertrag\"><\/a>\r\n\t\t\t\t\t\t<div class=\"w-hwrapper usg_hwrapper_2\" style=\"--hwrapper-gap:1.20rem\"><div class=\"w-post-elm post_image usg_post_image_1 has_width has_ratio\"><img decoding=\"async\" width=\"410\" height=\"230\" src=\"https:\/\/www.eurodata.co.at\/wp-content\/uploads\/sites\/6\/2025\/03\/news-Kollektivvertraege-edtime.jpg\" class=\"attachment-full size-full wp-post-image\" alt=\"\" \/><div style=\"padding-bottom:76.1905%\"><\/div><\/div><div class=\"w-vwrapper usg_vwrapper_1\"><div class=\"w-post-elm post_title usg_post_title_1 has_text_color entry-title color_link_inherit\">Cloud-L\u00f6sung edtime bildet Regelungen aus dem \u201eEinzelhandel&#8220; Kollektivvertrag<\/div><time class=\"w-post-elm post_date usg_post_date_1 entry-date published\" datetime=\"2025-03-07T13:10:27+01:00\">7. M\u00e4rz 2025<\/time><div class=\"w-post-elm post_content usg_post_content_1\">In\u00a0\u00d6sterreich\u00a0nehmen\u00a0Kollektivvertr\u00e4ge\u00a0in arbeitsrechtlicher Hinsicht eine wichtige Rolle ein. Das gilt auch f\u00fcr den Kollektivvertrag im Einzelhandel. Diese Vertr\u00e4ge werden zwischen den kollektivvertragsf\u00e4higen Vertretungen der Arbeitgeber-&hellip;<\/div><\/div><\/div>\t\t<\/div>\r\n\t\t\t<\/article>\r\n\t<article class=\"w-grid-item size_1x1 post-7147 news type-news status-publish has-post-thumbnail hentry news-kategorien-news-unternehmen\" data-id=\"7147\">\r\n\t\t<div class=\"w-grid-item-h\">\r\n\t\t\t\t\t\t\t<a href=\"https:\/\/www.eurodata.co.at\/de\/news\/frohe-weihnachten-einen-gelungenen-start-ins-neue-jahr-wuenscht-eurodata\/\" class=\"w-grid-item-anchor\" aria-label=\"Frohe Weihnachten &#038; einen gelungenen Start ins neue Jahr w\u00fcnscht eurodata\"><\/a>\r\n\t\t\t\t\t\t<div class=\"w-hwrapper usg_hwrapper_2\" style=\"--hwrapper-gap:1.20rem\"><div class=\"w-post-elm post_image usg_post_image_1 has_width has_ratio\"><img decoding=\"async\" width=\"410\" height=\"230\" src=\"https:\/\/www.eurodata.co.at\/wp-content\/uploads\/sites\/6\/2024\/12\/news-xmas-silvester-2024-animiert_kleiner.gif\" class=\"attachment-full size-full wp-post-image\" alt=\"\" \/><div style=\"padding-bottom:76.1905%\"><\/div><\/div><div class=\"w-vwrapper usg_vwrapper_1\"><div class=\"w-post-elm post_title usg_post_title_1 has_text_color entry-title color_link_inherit\">Frohe Weihnachten &#038; einen gelungenen Start ins neue Jahr w\u00fcnscht eurodata<\/div><time class=\"w-post-elm post_date usg_post_date_1 entry-date published\" datetime=\"2024-12-19T12:08:06+01:00\">19. Dezember 2024<\/time><div class=\"w-post-elm post_content usg_post_content_1\">Ein Blick zur\u00fcck zeigt uns, dass wir gemeinsam mit unseren Mitarbeitern, Kunden, Anwendern und Gesch\u00e4ftspartnern im zur\u00fcckliegenden Jahr wieder einmal viel geschafft haben: Wir&hellip;<\/div><\/div><\/div>\t\t<\/div>\r\n\t\t\t<\/article>\r\n\t<article class=\"w-grid-item size_1x1 post-7012 news type-news status-publish has-post-thumbnail hentry news-kategorien-news-unternehmen\" data-id=\"7012\">\r\n\t\t<div class=\"w-grid-item-h\">\r\n\t\t\t\t\t\t\t<a href=\"https:\/\/www.eurodata.co.at\/de\/news\/eurodata-ist-partner-der-tschechischen-kongresse-cerpacka-und-petrolsummit\/\" class=\"w-grid-item-anchor\" aria-label=\"eurodata ist Partner der tschechischen Kongresse \u010cerpa\u010dka und PETROLsummit\"><\/a>\r\n\t\t\t\t\t\t<div class=\"w-hwrapper usg_hwrapper_2\" style=\"--hwrapper-gap:1.20rem\"><div class=\"w-post-elm post_image usg_post_image_1 has_width has_ratio\"><img decoding=\"async\" width=\"410\" height=\"230\" src=\"https:\/\/www.eurodata.co.at\/wp-content\/uploads\/sites\/6\/2024\/11\/news-Tankstellenkongress-CZ-Cerpacka.jpg\" class=\"attachment-full size-full wp-post-image\" alt=\"\" \/><div style=\"padding-bottom:76.1905%\"><\/div><\/div><div class=\"w-vwrapper usg_vwrapper_1\"><div class=\"w-post-elm post_title usg_post_title_1 has_text_color entry-title color_link_inherit\">eurodata ist Partner der tschechischen Kongresse \u010cerpa\u010dka und PETROLsummit<\/div><time class=\"w-post-elm post_date usg_post_date_1 entry-date published\" datetime=\"2024-11-06T11:26:08+01:00\">6. November 2024<\/time><div class=\"w-post-elm post_content usg_post_content_1\">Mitarbeiter von eurodata, dem f\u00fchrenden Anbieter von Controlling- und Reporting-L\u00f6sungen der Tankstellenbranche in Mitteleuropa, waren zusammen mit ihren Gesch\u00e4ftspartnern aus der KODAP-Gruppe wieder auf&hellip;<\/div><\/div><\/div>\t\t<\/div>\r\n\t\t\t<\/article>\r\n<\/div>\t<div class=\"w-grid-preloader\">\r\n\t\t<div class=\"g-preloader type_1\">\r\n\t\t\t<div><\/div>\r\n\t\t<\/div>\r\n\t<\/div>\r\n\t\t\t\t<div class=\"g-loadmore \">\r\n\t\t\t\t<div class=\"g-preloader type_1\">\r\n\t\t\t\t\t<div><\/div>\r\n\t\t\t\t<\/div>\r\n\t\t\t\t<button class=\"w-btn us-btn-style_1\">\r\n\t\t\t\t\t<span class=\"w-btn-label\">Mehr laden<\/span>\r\n\t\t\t\t<\/button>\r\n\t\t\t<\/div>\r\n\t\t\t\t<div class=\"w-grid-json hidden\" onclick='return {&quot;action&quot;:&quot;us_ajax_grid&quot;,&quot;infinite_scroll&quot;:true,&quot;max_num_pages&quot;:4,&quot;pagination&quot;:&quot;ajax&quot;,&quot;template_vars&quot;:{&quot;columns&quot;:&quot;1&quot;,&quot;exclude_items&quot;:&quot;none&quot;,&quot;img_size&quot;:&quot;default&quot;,&quot;ignore_items_size&quot;:0,&quot;items_layout&quot;:&quot;81&quot;,&quot;items_offset&quot;:&quot;1&quot;,&quot;load_animation&quot;:&quot;none&quot;,&quot;overriding_link&quot;:&quot;%7B%22type%22%3A%22post%22%7D&quot;,&quot;post_id&quot;:0,&quot;query_args&quot;:{&quot;post_type&quot;:[&quot;news&quot;],&quot;post_status&quot;:[&quot;publish&quot;],&quot;posts_per_page&quot;:&quot;10&quot;},&quot;orderby_query_args&quot;:{&quot;orderby&quot;:{&quot;date&quot;:&quot;DESC&quot;}},&quot;type&quot;:&quot;grid&quot;,&quot;us_grid_post_type&quot;:&quot;news&quot;,&quot;us_grid_ajax_index&quot;:2,&quot;us_grid_filter_query_string&quot;:null,&quot;us_grid_index&quot;:2,&quot;page_args&quot;:[]}}'><\/div>\r\n\t<\/div><\/div><\/div><\/div><\/div><\/div><\/div><\/div><\/div><\/div><\/section>\n","protected":false},"excerpt":{"rendered":"Mitarbeiter von eurodata, dem f\u00fchrenden Anbieter von Controlling- und Reporting-L\u00f6sungen der Tankstellenbranche in Mitteleuropa, waren zusammen mit ihren Gesch\u00e4ftspartnern aus der KODAP-Gruppe wieder auf zwei traditionellen Kongressen in der Tschechischen Republik vertreten. Im September fand der \u010cerpa\u010dka-Kongress statt, der sich mit aktuellen Themen befasst, die die Welt der Tankstellen bewegen, und ein interessantes Programm f\u00fcr...","protected":false},"author":5,"featured_media":0,"parent":0,"menu_order":0,"comment_status":"closed","ping_status":"closed","template":"","meta":{"footnotes":""},"class_list":["post-36","page","type-page","status-publish","hentry"],"distributor_meta":false,"distributor_terms":false,"distributor_media":false,"distributor_original_site_name":"eurodata GmbH \u00d6sterreich","distributor_original_site_url":"https:\/\/www.eurodata.co.at\/de\/","push-errors":false,"_links":{"self":[{"href":"https:\/\/www.eurodata.co.at\/de\/wp-json\/wp\/v2\/pages\/36","targetHints":{"allow":["GET"]}}],"collection":[{"href":"https:\/\/www.eurodata.co.at\/de\/wp-json\/wp\/v2\/pages"}],"about":[{"href":"https:\/\/www.eurodata.co.at\/de\/wp-json\/wp\/v2\/types\/page"}],"author":[{"embeddable":true,"href":"https:\/\/www.eurodata.co.at\/de\/wp-json\/wp\/v2\/users\/5"}],"replies":[{"embeddable":true,"href":"https:\/\/www.eurodata.co.at\/de\/wp-json\/wp\/v2\/comments?post=36"}],"version-history":[{"count":1,"href":"https:\/\/www.eurodata.co.at\/de\/wp-json\/wp\/v2\/pages\/36\/revisions"}],"predecessor-version":[{"id":7887,"href":"https:\/\/www.eurodata.co.at\/de\/wp-json\/wp\/v2\/pages\/36\/revisions\/7887"}],"wp:attachment":[{"href":"https:\/\/www.eurodata.co.at\/de\/wp-json\/wp\/v2\/media?parent=36"}],"curies":[{"name":"wp","href":"https:\/\/api.w.org\/{rel}","templated":true}]}}